{"id":210,"date":"2018-03-21T16:20:23","date_gmt":"2018-03-21T16:20:23","guid":{"rendered":"https:\/\/www.flyinturtles.de\/?page_id=210"},"modified":"2018-05-15T05:22:50","modified_gmt":"2018-05-15T05:22:50","slug":"archiv","status":"publish","type":"page","link":"https:\/\/www.flyinturtles.de\/?page_id=210","title":{"rendered":"2017"},"content":{"rendered":"<h2>Das Jahr geht zu Ende<\/h2>\n<p><span style=\"color: #ff00ff;\">(eingestellt am 20.12.2017)<\/span><\/p>\n<blockquote><p>Mit lieben W\u00fcnschen an alle Freunde und Fans blicken die FLYIN&#8216; TURTLES auf das nun zu Ende gehende Jahr zur\u00fcck. Ohne Zweifel war der Auftritt in Ungarn das Highlight in diesem Jahr. Dieses Ereignis hat die Bandmitglieder noch mehr zusammen geschwei\u00dft.<\/p><\/blockquote>\n<blockquote><p>Auch im kommenden Jahr werden wir ganz sicher tolle Auftritte haben auf die wir uns schon jetzt sehr freuen. Ganz besonders hat uns gefallen, das Freunde und Fans der Band uns mitgeteilt haben, das sich die Band stetig weiter entwickelt hat. Umso mehr freuen wir uns auf zuk\u00fcnftige Gigs wo hoffentlich viel Publikum anwesend ist.<\/p><\/blockquote>\n<blockquote><p>Die Interaktion mit dem Publikum ist den FLYIN&#8216; TURTLES bei deren Auftritten besonders wichtig! Ohne Publikum geht nichts! Das Ziel bei jedem Auftritt der Band ist es mit dem Publikum eine gemeinsame Party zu feiern.<\/p><\/blockquote>\n<blockquote><p>In diesem Sinne &#8222;Let the Party started&#8230;&#8220;.<br \/>\nWir sehen uns im kommenden Jahr.<br \/>\n&#8222;Yee Haw&#8230;&#8220;<\/p><\/blockquote>\n<h2>Gute Laune Weihnachtsmarkt in Bielefeld Sennestadt<\/h2>\n<p><span style=\"color: #ff00ff;\">(eingestellt am 20.12.2017)<\/span><\/p>\n<div style=\"display: table; width: 100%;\">\n<figure style=\"display: table-cell; padding: 0 4px; text-align: center;\"><img decoding=\"async\" src=\"https:\/\/flyinturtles.de\/\/images\/\/Weihnachten\/image005_919x289.jpg\" \/><figcaption><\/figcaption><\/figure>\n<\/div>\n<blockquote><p>Einen fr\u00f6hlichen Weihnachtsmarkt mit Country &amp; Western Musik, Esel, Schafen und einem Weihnachtsmann, der mit der Kutsche vorfuhr, feierten die Sennest\u00e4dter am 16.12.2017 auf dem Reichowplatz in Bielefeld Sennestadt. Es wurde sogar getanzt!<br \/>\nDas gelang den &#8222;Flyin\u2018 Turtels&#8220; mit Countrysongs rund um Trains und Trucks trotz der Regeng\u00fcsse, die sich mit trockenen Phasen abwechselten.<\/p><\/blockquote>\n<blockquote><p>Winni und Dirk von den FLYIN&#8216; TURTLES (selbst aufgewachsen in BI Sennestadt) waren auch sehr \u00fcberrascht: <strong>&#8222;&#8230;das in Ostwestfalen und zu Western und Countrymusik. Das haben wir nicht erwartet.&#8220; <\/strong><\/p><\/blockquote>\n<div style=\"display: table; width: 100%;\">\n<figure style=\"display: table-cell; padding: 0 4px; text-align: center;\"><img decoding=\"async\" src=\"https:\/\/flyinturtles.de\/\/images\/\/Weihnachten\/image004_400x238.jpg\" \/><figcaption><\/figcaption><\/figure>\n<figure style=\"display: table-cell; padding: 0 4px; text-align: center; vertical-align: middle;\"><img decoding=\"async\" src=\"https:\/\/flyinturtles.de\/\/images\/\/Weihnachten\/image002_400x238.jpg\" \/><figcaption><\/figcaption><\/figure>\n<\/div>\n<h2>Ein Vorweihnachtsgeschenk der FLYIN&#8216; TURTLES an deren Freunde und Fans<\/h2>\n<p><span style=\"color: #ff00ff;\">(eingestellt am 14.12.2017)<\/span><\/p>\n<div style=\"display: table; width: 100%;\">\n<figure style=\"display: table-cell; padding: 0 4px; text-align: center;\"><img decoding=\"async\" src=\"https:\/\/flyinturtles.de\/\/images\/\/Musikgeschenk\/Musikgeschenk.png\" \/><figcaption>&gt;&gt;Unser Geschenk&lt;&lt;<\/figcaption><\/figure>\n<\/div>\n<blockquote><p>Es ist soweit, wir k\u00f6nnen euch 3 neue Aufnahmen der Band pr\u00e4sentieren. Wir hoffen die Titel gefallen euch.<\/p><\/blockquote>\n<p style=\"display: inline;\"><strong>Rocky Top<\/strong><\/p>\n<blockquote><p>(Komponist und Textdichter: Bryant, Felice; Originalverlag: House of Bryant Publications, Subverleger: BMG Rights Managment GmbH; Beteiligter: CAE\/IPI)<\/p><\/blockquote>\n<div class=\"sc_fancy_player_container\"><audio class=\"wp-audio-shortcode\" id=\"audio-210-1\" preload=\"none\" style=\"width: 100%;\" controls=\"controls\"><source type=\"audio\/mpeg\" src=\"https:\/\/flyinturtles.de\/\/Audio\/\/Audio%20Aufnahmen%202017\/Rocky%20Top.mp3?_=1\" \/><a href=\"https:\/\/flyinturtles.de\/\/Audio\/\/Audio%20Aufnahmen%202017\/Rocky%20Top.mp3\">https:\/\/flyinturtles.de\/\/Audio\/\/Audio%20Aufnahmen%202017\/Rocky%20Top.mp3<\/a><\/audio><\/div>\n<p>&nbsp;<\/p>\n<p style=\"display: inline;\"><strong>Fallin And Flyin<\/strong><\/p>\n<blockquote><p>(Komponist und Textdichter:Clajk, Guy Charlse &amp; Mckay, Kristin Noelle; Originalverlag: EMI April Music Inc, Subverleger: EMI Music Publishing Germany GmbH)<\/p><\/blockquote>\n<div class=\"sc_fancy_player_container\"><audio class=\"wp-audio-shortcode\" id=\"audio-210-2\" preload=\"none\" style=\"width: 100%;\" controls=\"controls\"><source type=\"audio\/mpeg\" src=\"https:\/\/flyinturtles.de\/\/Audio\/\/Audio%20Aufnahmen%202017\/Falling%20And%20Flying.mp3?_=2\" \/><a href=\"https:\/\/flyinturtles.de\/\/Audio\/\/Audio%20Aufnahmen%202017\/Falling%20And%20Flying.mp3\">https:\/\/flyinturtles.de\/\/Audio\/\/Audio%20Aufnahmen%202017\/Falling%20And%20Flying.mp3<\/a><\/audio><\/div>\n<p>&nbsp;<\/p>\n<p style=\"display: inline;\"><strong>Der 30 Tonner Diesel<\/strong><\/p>\n<blockquote><p>(Komponist und Textdichter: Gabriel, Gunter; Originalverlag: PUMA Musikverlag GmBH; Beteiligter: CAE\/IPI)<\/p><\/blockquote>\n<div class=\"sc_fancy_player_container\"><audio class=\"wp-audio-shortcode\" id=\"audio-210-3\" preload=\"none\" style=\"width: 100%;\" controls=\"controls\"><source type=\"audio\/mpeg\" src=\"https:\/\/flyinturtles.de\/\/Audio\/\/Audio%20Aufnahmen%202017\/Der%2030%20Tonner%20Diesel.mp3?_=3\" \/><a href=\"https:\/\/flyinturtles.de\/\/Audio\/\/Audio%20Aufnahmen%202017\/Der%2030%20Tonner%20Diesel.mp3\">https:\/\/flyinturtles.de\/\/Audio\/\/Audio%20Aufnahmen%202017\/Der%2030%20Tonner%20Diesel.mp3<\/a><\/audio><\/div>\n<h2>Vom 24. &#8211; 26. November 2017 waren die Flying&#8217;Turtles im Tonstudio<\/h2>\n<p><span style=\"color: #ff00ff;\">(eingestellt am 04.12.2017)<\/span><\/p>\n<div style=\"display: table; width: 100%;\">\n<figure style=\"display: table-cell; padding: 0 4px; text-align: center;\"><img decoding=\"async\" src=\"https:\/\/flyinturtles.de\/\/images\/\/Studio2017\/studio01 400x300.jpg\" \/><figcaption><\/figcaption><\/figure>\n<figure style=\"display: table-cell; padding: 0 4px; text-align: center; vertical-align: middle;\"><img decoding=\"async\" src=\"https:\/\/flyinturtles.de\/\/images\/\/Studio2017\/studio02 400x400.jpg\" \/><figcaption><\/figcaption><\/figure>\n<\/div>\n<div style=\"display: table; width: 100%;\">\n<figure style=\"display: table-cell; padding: 0 4px; text-align: center;\"><img decoding=\"async\" src=\"https:\/\/flyinturtles.de\/\/images\/\/Studio2017\/studio03 400x400.jpg\" \/><figcaption><\/figcaption><\/figure>\n<figure style=\"display: table-cell; padding: 0 4px; text-align: center; vertical-align: middle;\"><img decoding=\"async\" src=\"https:\/\/flyinturtles.de\/\/images\/\/Studio2017\/studio04 400x400.jpg\" \/><figcaption><\/figcaption><\/figure>\n<\/div>\n<blockquote><p>Warum geht man als Band in ein Aufnahmestudio? Der materielle Gewinn ist mit solchen Aktionen nicht zu machen! Den &#8222;Flying&#8217;Turtles&#8220; geht es um mehr.<br \/>\nF\u00fcr die war es ganz besonders wichtig den Freunden und Fans der Band zu signalisieren das es die 4 musikalischen Gentleman noch gibt und neues Tonmaterial ihrer Musik entsteht. Aber auch der gemeinsame Spa\u00df und die Freude dar\u00fcber zu erleben wie die Aufnahmen im Tonstudio entstehen ist f\u00fcr die Bandmitglieder ein ganz besonderes Erlebnis.<br \/>\nDas Tonmaterial wird zum aktuellen Zeitpunkt noch &#8222;aufbereitet&#8220;. Aber wir freuen uns, das wir die Aufnahmen noch in diesem Jahr auf unserer Webseite pr\u00e4sentieren k\u00f6nnen.<br \/>\nGanz besonders bedanken wir uns bei Marco f\u00fcr die super Betreuung im Tonstudio und sein Know How.<br \/>\n&#8222;Yee Haw&#8230;&#8220;<\/p><\/blockquote>\n<h2>Am 16. Dezember 2017 spielen die \u201eFlying\u2019 Turtles\u201c auf dem Weihnachtsmarkt in Bielefeld Sennestadt<\/h2>\n<p><span style=\"color: #ff00ff;\">(eingestellt am 24.11.2017)<\/span><\/p>\n<div style=\"display: table; width: 100%;\">\n<figure style=\"display: table-cell; padding: 0 4px; text-align: center;\"><img decoding=\"async\" src=\"https:\/\/flyinturtles.de\/\/images\/\/Weihnachten\/weihnachtsmarkt_3.jpg\" \/><figcaption><\/figcaption><\/figure>\n<\/div>\n<blockquote><p>&#8222;Allj\u00e4hrlich verwandelt sich der Reichowplatz in Bielefeld Sennestadt in ein kleines, aber feines \u00bbWeihnachtsdorf\u00ab. Neben den H\u00fctten mit kunstgewerblichen Angeboten finden sich nat\u00fcrlich St\u00e4nde mit vielen leckeren Speisen. Herz des Weihnachtsmarktes ist immer die \u00bbLebende Krippe\u00ab mit Sch\u00e4fchen, Esel und Co.<br \/>\nFreuen darf man sich auf Livemusik mit den \u201eFlying\u2019 Turtles\u201c. Mit Einbruch der Dunkelheit flackern auch wieder die Flammen in den Feuerk\u00f6rben&#8230;&#8220;<\/p>\n<p>Die FLYIN&#8216; TURTLES sind gespannt wie deren Musik bei den Weihnachtsmarktbesuchern ankommt. Au\u00dfer bekannten Country und Bluegrass Klassikern wird sicher auch das ein oder andere Weihnachtslied im Flyin&#8217;Turtles Stil zu h\u00f6ren sein. Wir beginnen um 18:00 Uhr und spielen bis ca. 20:00 Uhr.<\/p><\/blockquote>\n<h2>Die FLYIN&#8216; TURTLES f\u00fchlten sich auf der Ranch Alberto in Hamm\/ Westfalen wie zu Hause!<\/h2>\n<p><span style=\"color: #ff00ff;\">(eingestellt am 09.10.2017)<\/span><\/p>\n<div style=\"display: table; width: 100%;\">\n<figure style=\"display: table-cell; padding: 0 4px; text-align: center;\"><img decoding=\"async\" src=\"https:\/\/flyinturtles.de\/\/images\/\/RanchAlbertoHamm2017\/RanchAlberto1.jpg\" \/><figcaption><\/figcaption><\/figure>\n<figure style=\"display: table-cell; padding: 0 4px; text-align: center; vertical-align: middle;\"><img decoding=\"async\" src=\"https:\/\/flyinturtles.de\/\/images\/\/RanchAlbertoHamm2017\/RanchAlberto3.jpg\" \/><figcaption><\/figcaption><\/figure>\n<\/div>\n<blockquote><p>Auf der Webseite (<a href=\"http:\/\/www.tg64.de\/ranch\/index.php?Bilder_Galerie:Bildergalerien_2017:Flyin%27Turtles\" target=\"_blank\" rel=\"noopener\">Bildergalerie Ranch-Alberto<\/a>) der Ranch-Alberto ist \u00fcber die Flyin&#8217;Turtles folgendes lesen:<\/p><\/blockquote>\n<blockquote><p>&#8222;&#8230;Eine der besten Bands die wir je bei uns hatten und wir freuen uns auf ein baldiges Wiedersehen.&#8220;<\/p><\/blockquote>\n<blockquote><p>Ein besseres Ambiente f\u00fcr Country Musik als die Ranch Alberto gibt es nicht! Die FLYIN&#8216; TURTLES haben schon viele sch\u00f6ne Western &amp; Country Clubs von innen gesehen aber die Ranch Alberto hat uns sehr beeindruckt.<br \/>\nEs bedurfte nicht der vorger\u00fcckten Stunde bis die Stimmung im angesagten Western &amp; Country Club auf dem Hochpunkt war. Eine kleine Line Dance Formation trat den Beweis an, das die Musik der FLYIN&#8216; TURTLES tanzbar ist. Gemeinsam mit dem Publikum erlebten wir einen wunderbaren, unvergesslichen Abend. Auch f\u00fcr das leibliche Wohl wurde mit Steaks, Bratwurst und Getr\u00e4nken gesorgt.<\/p>\n<p>Gern kommen wir wieder!<br \/>\n&#8222;Yee Haw&#8230;&#8220;<\/p><\/blockquote>\n<h2>Die COUNTRY PARTY in B\u00f6rger war trotz Dauerregen ein Erfolg!<\/h2>\n<p><span style=\"color: #ff00ff;\">(eingestellt am 08.10.2017)<\/span><\/p>\n<div style=\"display: table; width: 100%;\">\n<figure style=\"display: table-cell; padding: 0 4px; text-align: center;\"><img decoding=\"async\" src=\"https:\/\/flyinturtles.de\/\/images\/\/CountryOpenAir2017\/Bild2.jpg\" \/><figcaption>Party<\/figcaption><\/figure>\n<\/div>\n<blockquote><p>Gemeinsam mit der Dorfgemeinschaft und 2 lokalen Line Dance Formationen freuten sich die FLYIN&#8216; TURTLES sehr auf diese angesagte Country Veranstaltung. Im Vorfeld der Veranstaltung wurde von vielen flei\u00dfigen Helfern enormer Aufwand betrieben um eine gelungene Country Party auf die Beine zu stellen. Doch niemand konnte ahnen, das rein wettertechnisch die Veranstaltung unter keinem guten Stern stand. Es regnete den ganzen Tag und auch die Nacht in str\u00f6men. Schon um 16:00 Uhr am Nachmittag wurden die Fuhrgesch\u00e4fte auf der Kirmeswiese geschlossen. Kaum ein Besucher verirrte sich in das Festzelt. Doch waren da die Mitglieder der lokalen Line Dance Formationen mit ihren Freunden und Verwanden, die es am Ende verstanden gemeinsam mit den Flying Turtles eine Party zu feiern. Uns hat es mit euch viel Spa\u00df gemacht! Die FLYIN&#8216; TURTLES konnten beweisen, dass sie die Gastfreundschaft der Emsl\u00e4nder verdient haben.<\/p>\n<p><strong>Vielen Dank B\u00f6rger!<\/strong><\/p><\/blockquote>\n<h2>Ranch Alberto &#8211; Country und Western Club am 07.10.2017 in Hamm\/ Westfalen<\/h2>\n<p><span style=\"color: #ff00ff;\">(eingestellt am 23.09.2017)<\/span><br \/>\n<img decoding=\"async\" class=\"aligncenter\" src=\"https:\/\/flyinturtles.de\/\/images\/\/RanchAlbertoHamm2017\/RanchAlberto.png\" alt=\"Ranch Alberto Hamm\" \/><\/p>\n<blockquote><p>Die FLYIN&#8216; TURTLES lieben die N\u00e4he zum Publikum und die Interaktion mit diesem. Wenn dann noch die Veranstaltung in einem stylischen Western &amp; Country Club stattfindet ist das ein ganz besonderes Ereignis.<\/p>\n<p>Wir freuen uns auf Hamm!<br \/>\n<strong>&#8222;Get the Party started&#8230;&#8220;<\/strong><\/p><\/blockquote>\n<h2>COUNTRY OPEN AIR am 30.09.2017 in B\u00f6rger\/ Emsland<\/h2>\n<p><span style=\"color: #ff00ff;\">(eingestellt am 10.09.2017)<\/span><\/p>\n<div style=\"display: table; width: 100%;\">\n<figure style=\"display: table-cell; padding: 0 4px; text-align: center;\"><img decoding=\"async\" src=\"https:\/\/flyinturtles.de\/\/images\/\/CountryOpenAir2017\/CountryOpenAir3.png\" \/><figcaption>Veranstaltungsort<\/figcaption><\/figure>\n<figure style=\"display: table-cell; padding: 0 4px; text-align: center;\"><img decoding=\"async\" src=\"https:\/\/flyinturtles.de\/\/images\/\/CountryOpenAir2017\/CountryOpenAir1.png\" \/><figcaption>Umzug<\/figcaption><\/figure>\n<figure style=\"display: table-cell; padding: 0 4px; text-align: center; vertical-align: middle;\"><img decoding=\"async\" src=\"https:\/\/flyinturtles.de\/\/images\/\/CountryOpenAir2017\/CountryOpenAir2.png\" \/><figcaption>Party<\/figcaption><\/figure>\n<\/div>\n<blockquote><p>Die Flying&#8216; Turtles freuen sich schon sehr auf die anstehende Country Open Air Veranstaltung in B\u00f6rger im sch\u00f6nen Emsland. Auf dieser Veranstaltung haben in der Vergangenheit auch schon Country K\u00fcnstler aus Nashville USA gespielt. Umso mehr ist das f\u00fcr die Band ein Ansporn dort einen super Gig abzuliefern und das Publikum zu begeistern!<\/p><\/blockquote>\n<blockquote><p>(Zitat-Facebook)<br \/>\n\u201e\u00dcber Jahre hat sich die COUNTRY OPEN AIR Veranstaltung einen Namen machen k\u00f6nnen und sich zu einer der gr\u00f6\u00dften Country Feten der Region entwickelt. Bei geselliger Western Atmosph\u00e4re ist f\u00fcr das leibliche Wohl und erstklassige Unterhaltung gesorgt! Also, die Stiefel schn\u00fcren und los geht\u2019s!\u2026\u201c<\/p><\/blockquote>\n<blockquote><p>(Zitat-Facebook)<br \/>\n&#8222;&#8230;Besonders freuen wir uns auf die FLYIN&#8216; TURTLES, ein Hochkar\u00e4ter der Countryszene, die LIVE die besten Hits im Festzelt pr\u00e4sentieren! Zusammen mit den St\u00e4weldanzern steht ein grandioses Programm auf der B\u00fchne!&#8220;<\/p><\/blockquote>\n<blockquote><p>>>Einladung zum Country Open Air<<<\/p><\/blockquote>\n<p><video controls height=\"180\" width=\"320\"><source src=\"https:\/\/flyinturtles.de\/\/images\/\/CountryOpenAir2017\/FlyinTurtlesTrailer.mp4\" type=\"video\/mp4\" \/><h2>Langeneicker Feldtage<\/h2>\n<p><span style=\"color: #ff00ff;\">(eingestellt am 10.09.2017)<\/span><\/p>\n<figure style=\"display: table-cell; padding: 0 4px; text-align: center;\"><img decoding=\"async\" src=\"https:\/\/flyinturtles.de\/\/images\/\/Traktorfreunde\/Traktorfreunde1.jpg\" alt=\"Traktorfreunde1\" \/><figcaption>Lagebesprechung<\/figcaption><\/figure>\n<figure style=\"display: table-cell; padding: 0 4px; text-align: center;\"><img decoding=\"async\" src=\"https:\/\/flyinturtles.de\/\/images\/\/Traktorfreunde\/Traktorfreunde2.jpg\" alt=\"Traktorfreunde2\" \/><figcaption>Ausstellung<\/figcaption><\/figure>\n<blockquote><p>Am letzten Wochenende fanden am 2. und 3. September 2017 die 2. Langeneicker Feldtage statt.<br \/>\nSehr freundlich wurden die FLYIN&#8216; TURTLES von einem der Veranstalter, Antonius MeyerLam, begr\u00fc\u00dft und eingewiesen. Nach der Ankunft gab es auch mal gleich ein frisch gezapftes Landbier. Anschlie\u00dfend wurden die FLYIN&#8216; TURTLES mit allerlei Informationen \u00fcber die Traktorausstellung gef\u00fchrt (400 St\u00fcck waren es). Da konnte man Technik bestaunen die schon \u00fcber 100 Jahre alt ist.<br \/>\nDie Resonanz war Berichten zufolge noch viel gr\u00f6\u00dfer als bei den 1. Feldtagen im Jahr 2014.<br \/>\nAm Abend wurde mit der Live-Musik der FLYIN&#8216; TURTLES das Programm themengerecht abgerundet. Beim Klassiker \u201eSmoke On The Water\u201c standen Jung und Alt vor der B\u00fchne und es kam Leben in das Festzelt. Mit einem Schwenk von Country-Music zu einem Rock-Klassiker bewiesen die \u201eFlying Turtles\u201c, das man sich auf das Publikum einstellen kann.<br \/>\nVielleicht d\u00fcrfen die FLYIN&#8216; TURTLES bei den n\u00e4chsten Feldtagen im Jahr 2020 wieder mit dabei sein. Es w\u00fcrde uns freuen!<\/p><\/blockquote>\n<h2>Langeneicker Feldtage 02.-03.09.2017<\/h2>\n<p><span style=\"color: #ff00ff;\">(eingestellt am 25.07.2017)<\/span><br \/>\n<img decoding=\"async\" src=\"https:\/\/flyinturtles.de\/\/images\/\/Traktorfreunde\/Traktorfreunde.jpg\" alt=\"Traktorfreunde\" \/><\/p>\n<blockquote><p>Die Traktorfreunde Langeneicke laden alle Freunde historischer Landmaschinen, Traktoren und Oldtimer zum Treffen ein. Am Samstag den 02.09.2017 ab 20:00 Uhr wird dort eine Oldtimerparty mit den &#8222;Flying&#8216; Turtles&#8220; stattfinden.<\/p><\/blockquote>\n<p><p class=\"slogan\">Zur\u00fcck vom Internationalen Country\u00a0und Truck\u00a0Festival in Szeged\/ Ungarn<\/p><br \/>\n<span style=\"color: #ff00ff;\">(eingestellt am 22.07.2017)<\/span><br \/>\n<img decoding=\"async\" class=\"alignnone\" src=\"https:\/\/flyinturtles.de\/\/images\/\/Szeged 2017\/Buehne.jpg\" alt=\"Szeged\" \/><\/p>\n<blockquote><p>Sehr gastfreundschaftlich wurden wir von der Organisation des Festivals empfangen und begleitet. Sehr schnell gew\u00f6hnten wir uns an die &#8222;Gelassenheit&#8220; unserer Gastgeber. So stand das erst vermisste Schlagzeug doch punktgenau um 19:00 Uhr auf der B\u00fchne. Das Konzert am Abend war f\u00fcr uns ein nachhaltiges und sehr sch\u00f6nes Erlebnis. Von Anfang an war der Kontakt zum Publikum hergestellt und es wurde eine gemeinsame Country-Party gefeiert.<\/p>\n<p><img decoding=\"async\" class=\"alignnone\" src=\"https:\/\/flyinturtles.de\/\/images\/\/Szeged 2017\/End.jpg\" alt=\"End\" \/><\/p>\n<p>Bis zum Ende des Konzerts steigerte sich die Stimmung kontinuierlich und gipfelte in einer Zugabe. Wir werden diesen Gig in sehr guter Erinnerung behalten. <strong>K\u00f6sz\u00f6n\u00f6m Szeged!<\/strong><\/p><\/blockquote>\n<h2>Gunter Gabriel mit 75 gestorben<\/h2>\n<p><span style=\"color: #ff00ff;\">(eingestellt am 22.06.2017)<\/span><br \/>\n<img decoding=\"async\" src=\"https:\/\/flyinturtles.de\/\/images\/\/GunterGabriel\/GunterGabriel.jpg\" alt=\"Gunter Gabriel\" \/><\/p>\n<blockquote><p>Gunter Gabriel (* 11. Juni 1942 in B\u00fcnde\/Westfalen, eigentlich G\u00fcnter Caspelherr; \u2020 22. Juni 2017 in Hannover).<br \/>\nDie Nachricht vom Tod von Gunter Gabriel macht uns sehr traurig Gern erinnern wir uns daran, dass wir 2 Mal mit ihm gemeinsam auf einer B\u00fchne stehen durften. Gunter Gabriel, der eher f\u00fcr sparsamen Charme bekannt sein d\u00fcrfte, lobte die unkomplizierte und authentische Musikalit\u00e4t dieser Band. Ein gro\u00dfartiger Mensch und Musiker! Seine Songs, Konzerte und unvergessliche Momente werden uns immer an ihn erinnern. R.I.P. Gunter.<br \/>\nHerzlichtst die FLYIN&#8216; TURTLES.<\/p><\/blockquote>\n<h2>Internationales Country\u00a0und Truck\u00a0Festival in Szeged\/ Ungarn<\/h2>\n<p><span style=\"color: #ff00ff;\">(eingestellt am 18.06.2017)<\/span><\/p>\n<blockquote><p>Im Moment sind die &#8222;Flying&#8216; Turtles&#8220; intensiv\u00a0mit den Vorbereitungen f\u00fcr den Auftritt auf dem Internationalen Country\u00a0und Truck\u00a0&#8211; Festival in Szeged\/ Ungarn am 15.07.2017 besch\u00e4ftigt. Dieses Event ist eine gro\u00dfe Herausforderung f\u00fcr die Band und gleichzeitig ein spannendes Abenteuer.<\/p><\/blockquote>\n<p><img decoding=\"async\" src=\"https:\/\/flyinturtles.de\/\/promotion\/Szeged_Plakat_small.JPG\" alt=\"Szeged Plakat\" \/><\/p>\n<p style=\"display: inline;\"><strong>Truck Radio Ungarn<\/strong><\/p>\n<div class=\"sc_fancy_player_container\"><audio class=\"wp-audio-shortcode\" id=\"audio-210-4\" preload=\"none\" style=\"width: 100%;\" controls=\"controls\"><source type=\"audio\/mpeg\" src=\"https:\/\/flyinturtles.de\/\/promotion\/Truck%20Radio%20Ungarn.mp3?_=4\" \/><a href=\"https:\/\/flyinturtles.de\/\/promotion\/Truck%20Radio%20Ungarn.mp3\">https:\/\/flyinturtles.de\/\/promotion\/Truck%20Radio%20Ungarn.mp3<\/a><\/audio><\/div>\n<h2>Launch der neues Webseite<\/h2>\n<p><span style=\"color: #ff00ff;\">(eingestellt am 12.06.2017)<\/span><\/p>\n<blockquote><p>Die FLYIN&#8216; TURTLES haben eine neue Webseite.<\/p><\/blockquote>\n<h2>Neuer Mann am Bass<\/h2>\n<p><span style=\"color: #ff00ff;\">(eingestellt am 02.02.2017)<\/span><\/p>\n<blockquote><p>Die &#8222;Flying&#8216; Turtles&#8220; haben einen neuen Mann am Bass. Mehr Informationen dazu findest du im &#8222;Steckbrief&#8220;.<\/p><\/blockquote>\n","protected":false},"excerpt":{"rendered":"<p>Das Jahr geht zu Ende (eingestellt am 20.12.2017) Mit lieben W\u00fcnschen an alle Freunde und Fans blicken die FLYIN&#8216; TURTLES auf das nun zu Ende gehende Jahr zur\u00fcck. Ohne Zweifel war der Auftritt in Ungarn das Highlight in diesem Jahr. Dieses Ereignis hat die Bandmitglieder noch &hellip; <\/p>\n<p><a href=\"https:\/\/www.flyinturtles.de\/?page_id=210\" class=\"more-link\"><span class=\"morelink-icon\">Weiterlesen<\/span><\/a><\/p>\n","protected":false},"author":1,"featured_media":0,"parent":0,"menu_order":0,"comment_status":"closed","ping_status":"closed","template":"page-templates\/full-width.php","meta":{"footnotes":""},"class_list":["post-210","page","type-page","status-publish","hentry"],"_links":{"self":[{"href":"https:\/\/www.flyinturtles.de\/index.php?rest_route=\/wp\/v2\/pages\/210","targetHints":{"allow":["GET"]}}],"collection":[{"href":"https:\/\/www.flyinturtles.de\/index.php?rest_route=\/wp\/v2\/pages"}],"about":[{"href":"https:\/\/www.flyinturtles.de\/index.php?rest_route=\/wp\/v2\/types\/page"}],"author":[{"embeddable":true,"href":"https:\/\/www.flyinturtles.de\/index.php?rest_route=\/wp\/v2\/users\/1"}],"replies":[{"embeddable":true,"href":"https:\/\/www.flyinturtles.de\/index.php?rest_route=%2Fwp%2Fv2%2Fcomments&post=210"}],"version-history":[{"count":50,"href":"https:\/\/www.flyinturtles.de\/index.php?rest_route=\/wp\/v2\/pages\/210\/revisions"}],"predecessor-version":[{"id":382,"href":"https:\/\/www.flyinturtles.de\/index.php?rest_route=\/wp\/v2\/pages\/210\/revisions\/382"}],"wp:attachment":[{"href":"https:\/\/www.flyinturtles.de\/index.php?rest_route=%2Fwp%2Fv2%2Fmedia&parent=210"}],"curies":[{"name":"wp","href":"https:\/\/api.w.org\/{rel}","templated":true}]}}